{"id":151,"date":"2019-06-24T10:24:55","date_gmt":"2019-06-24T08:24:55","guid":{"rendered":"http:\/\/olesnicaslw.archidiecezja.wroc.pl\/NOWASTRONA2019\/?page_id=151"},"modified":"2026-04-25T12:03:34","modified_gmt":"2026-04-25T10:03:34","slug":"intencje-mszy-niedzielnych","status":"publish","type":"page","link":"http:\/\/olesnicaslw.archidiecezja.wroc.pl\/index.php\/intencje-mszy-niedzielnych\/","title":{"rendered":"INTENCJE MSZY \u015aWI\u0118TYCH NIEDZIELNYCH"},"content":{"rendered":"<h5 style=\"text-align: center;\">\u00a0\u00a0\u00a0\u00a0\u00a0\u00a0<span style=\"color: #ff0000;\"> <strong>Intencje Mszy \u015bw. Niedzielnych 26. 04. 2026 r.<\/strong><\/span><\/h5>\n<p>&nbsp;<\/p>\n<p><span style=\"color: #ff0000;\"><strong>Godz. 7.15 &#8211; SZPITAL: <\/strong>W int. PARAFIAN<\/span><\/p>\n<p><span style=\"color: #ff0000;\"><strong>Godz. 7.00 <\/strong><\/span><\/p>\n<ol>\n<li>+Agnieszka +Wojciech Burza\u0142a, + z rodz. Dakowskich, Burza\u0142\u00f3w i Bu\u0107ko, dusze w czy\u015b\u0107cu cierpi\u0105ce<\/li>\n<li>+Henryk Duda \/22. greg.\/<\/li>\n<\/ol>\n<p><span style=\"color: #ff0000;\"><strong>Godz. 9.00 <\/strong><\/span><\/p>\n<ol>\n<li>+J\u00f3zef \/8. rocz. \u015bm.\/ +J\u00f3zef +Raisa Strzeleccy, +Stefan Susidko<\/li>\n<li>+Bogumi\u0142a Pomorska \/9. rocz. \u015bm.\/ &#8211; int. od m\u0119\u017ca i c\u00f3rki z rodzin\u0105<\/li>\n<\/ol>\n<p><span style=\"color: #ff0000;\"><strong>Godz. 10.30 <\/strong><\/span><\/p>\n<ol>\n<li>Dzi\u0119kczynna w 9. rocz. urodzin Hanny Szachniewicz z pro\u015bb\u0105 o Bo\u017ce b\u0142og., opiek\u0119 Matki<\/li>\n<\/ol>\n<p>Bo\u017cej, zdrowie i wszelkie potrzebne \u0142aski dla Jubilatki i ca\u0142ej rodziny oraz o dary Ducha<\/p>\n<p>\u015awi\u0119tego i wszelkie potrzebne \u0142aski dla Blanki w czasie egzamin\u00f3w maturalnych<\/p>\n<ol start=\"2\">\n<li>+Regina \/1. rocz. \u015bm.\/ +Aleksander +Czes\u0142aw +Helena Czerniawscy<\/li>\n<li>Dzi\u0119kczynna w 90. rocz. urodzin Aleksandry Binek, w 92. rocz. urodzin Jana Binek<\/li>\n<\/ol>\n<p>i w 69. rocz. Sakr. Ma\u0142\u017c. Aleksandry i Jana Binek z pro\u015bb\u0105 o Bo\u017ce b\u0142og., opiek\u0119 Matki<\/p>\n<p>Bo\u017cej Mi\u0142osierdzia, zdrowie i wszelkie potrzebne \u0142aski na dalsze lata \u017cycia dla Jubilat\u00f3w, dzieci,<\/p>\n<p>wnuk\u00f3w i prawnuk\u00f3w<\/p>\n<p><span style=\"color: #ff0000;\"><strong>Godz. 12.00 WSP\u00d3LNA:<\/strong><\/span><\/p>\n<p><strong>ROCZNE DZIECI: &#8211; <\/strong>Miko\u0142aj Pawe\u0142 Kociubi\u0144ski<\/p>\n<p>&#8211; Dzi\u0119kczynna w 45. rocz. Sakr. Ma\u0142\u017c. Krystyny i Leszka Zadka z pro\u015bb\u0105 o Bo\u017ce b\u0142og., opiek\u0119<\/p>\n<p>Matki Bo\u017cej, zdrowie i wszelkie potrzebne \u0142aski na dalsze lata \u017cycia dla Jubilat\u00f3w i ca\u0142ej rodziny<\/p>\n<p>&#8211; Dzi\u0119kczynna w 18. rocz. urodzin Jagody Obru\u015bnik z pro\u015bb\u0105 o Bo\u017ce b\u0142og., dary Ducha \u015awi\u0119tego<\/p>\n<p>w egzaminach maturalnych, dostanie si\u0119 na studia, opiek\u0119 Matki Bo\u017cej, zdrowie i wszelkie<\/p>\n<p>potrzebne \u0142aski na dalsze lata \u017cycia \u2013 int. od rodzic\u00f3w i siostry<\/p>\n<p>&#8211; Dzi\u0119kczynna w 18. rocz. urodzin Jakuba Banasia z pro\u015bb\u0105 o Bo\u017ce b\u0142og., dary Ducha \u015awi\u0119tego,<\/p>\n<p>opiek\u0119 Matki Bo\u017cej, zdrowie i wszelkie potrzebne \u0142aski na dalsze lata \u017cycia \u2013 int. od babci<\/p>\n<p>&#8211; Dzi\u0119kczynna w 50. rocz. Sakr. Ma\u0142\u017c. Barbary i Bogdana Badura z pro\u015bb\u0105 o Bo\u017ce b\u0142og., opiek\u0119<\/p>\n<p>Matki Bo\u017cej, zdrowie i wszelkie potrzebne \u0142aski dla Jubilat\u00f3w i ca\u0142ej rodziny<\/p>\n<p><strong>&#8211; <\/strong>Dzi\u0119kczynna w 80. rocz. urodzin i z racji imienin Mariana Pi\u0119ta z pro\u015bb\u0105 o Bo\u017ce b\u0142og., opiek\u0119<\/p>\n<p>Matki Bo\u017cej, zdrowie i wszelkie potrzebne \u0142aski na dalsze lata \u017cycia &#8211; int. od syn\u00f3w z rodzinami<\/p>\n<p><strong>&#8211; <\/strong>Dzi\u0119kczynna w 50. rocz. Sakr. Ma\u0142\u017c. Ireny i Zenona Gu\u015bkiewicz z pro\u015bb\u0105 o Bo\u017ce b\u0142og., opiek\u0119<\/p>\n<p>Matki Bo\u017cej, zdrowie i wszelkie potrzebne \u0142aski dla Jubilat\u00f3w i dzieci z rodzinami<\/p>\n<p><strong>&#8211; <\/strong>Dzi\u0119kczynna w 55. rocz. Sakr. Ma\u0142\u017c. Zofii i Stanis\u0142awa i w rocz. urodzin Zofii z pro\u015bb\u0105 o Bo\u017ce<\/p>\n<p>b\u0142og., opiek\u0119 Matki Bo\u017cej, zdrowie i wszelkie potrzebne \u0142aski dla Jubilat\u00f3w, dzieci i wnuk\u00f3w<\/p>\n<p><strong>&#8211; <\/strong>Dzi\u0119kczynna w 50. rocz. Sakr. Ma\u0142\u017c. Jadwigi i Zdzis\u0142awa z pro\u015bb\u0105 o Bo\u017ce b\u0142og., opiek\u0119 Matki<\/p>\n<p>Bo\u017cej, zdrowie i wszelkie potrzebne \u0142aski dla Jubilat\u00f3w i ca\u0142ej rodziny<\/p>\n<p>&nbsp;<\/p>\n<p><strong>\u00a0\u00a0\u00a0\u00a0\u00a0\u00a0\u00a0\u00a0\u00a0\u00a0\u00a0\u00a0\u00a0\u00a0\u00a0\u00a0\u00a0\u00a0\u00a0\u00a0\u00a0\u00a0\u00a0\u00a0\u00a0\u00a0\u00a0\u00a0\u00a0\u00a0\u00a0\u00a0\u00a0\u00a0\u00a0\u00a0\u00a0\u00a0\u00a0\u00a0\u00a0\u00a0\u00a0\u00a0\u00a0\u00a0\u00a0\u00a0\u00a0\u00a0\u00a0\u00a0\u00a0\u00a0\u00a0\u00a0\u00a0\u00a0\u00a0\u00a0\u00a0\u00a0\u00a0\u00a0\u00a0\u00a0\u00a0\u00a0\u00a0\u00a0\u00a0\u00a0\u00a0\u00a0\u00a0 CHRZEST: <\/strong>&#8211; Oliwia Ciepluch<\/p>\n<p><span style=\"color: #ff0000;\"><strong>Godz. 18.00 <\/strong><\/span><\/p>\n<p>+Genowefa +Felicjan +Jadwiga +Edward +Gra\u017cyna +J\u00f3zef +Aleksander i + z rodz.<\/p>\n<p>Krasinkiewicz\u00f3w, Surm\u00f3w i Po\u0142owinkin\u00f3w<\/p>\n<p>&nbsp;<\/p>\n<p>&nbsp;<\/p>\n","protected":false},"excerpt":{"rendered":"<p>\u00a0\u00a0\u00a0\u00a0\u00a0\u00a0 Intencje Mszy \u015bw. Niedzielnych 26. 04. 2026 r. &nbsp; Godz. 7.15 &#8211; SZPITAL: W int. PARAFIAN Godz. 7.00 +Agnieszka +Wojciech Burza\u0142a, + z rodz. Dakowskich, Burza\u0142\u00f3w i Bu\u0107ko, dusze w czy\u015b\u0107cu cierpi\u0105ce +Henryk Duda \/22. greg.\/ Godz. 9.00 +J\u00f3zef \/8. rocz. \u015bm.\/ +J\u00f3zef +Raisa Strzeleccy, +Stefan Susidko +Bogumi\u0142a Pomorska &hellip;<\/p>\n","protected":false},"author":1,"featured_media":0,"parent":0,"menu_order":0,"comment_status":"closed","ping_status":"closed","template":"","meta":[],"_links":{"self":[{"href":"http:\/\/olesnicaslw.archidiecezja.wroc.pl\/index.php\/wp-json\/wp\/v2\/pages\/151"}],"collection":[{"href":"http:\/\/olesnicaslw.archidiecezja.wroc.pl\/index.php\/wp-json\/wp\/v2\/pages"}],"about":[{"href":"http:\/\/olesnicaslw.archidiecezja.wroc.pl\/index.php\/wp-json\/wp\/v2\/types\/page"}],"author":[{"embeddable":true,"href":"http:\/\/olesnicaslw.archidiecezja.wroc.pl\/index.php\/wp-json\/wp\/v2\/users\/1"}],"replies":[{"embeddable":true,"href":"http:\/\/olesnicaslw.archidiecezja.wroc.pl\/index.php\/wp-json\/wp\/v2\/comments?post=151"}],"version-history":[{"count":481,"href":"http:\/\/olesnicaslw.archidiecezja.wroc.pl\/index.php\/wp-json\/wp\/v2\/pages\/151\/revisions"}],"predecessor-version":[{"id":6324,"href":"http:\/\/olesnicaslw.archidiecezja.wroc.pl\/index.php\/wp-json\/wp\/v2\/pages\/151\/revisions\/6324"}],"wp:attachment":[{"href":"http:\/\/olesnicaslw.archidiecezja.wroc.pl\/index.php\/wp-json\/wp\/v2\/media?parent=151"}],"curies":[{"name":"wp","href":"https:\/\/api.w.org\/{rel}","templated":true}]}}